{"id":855,"date":"2026-03-17T14:12:02","date_gmt":"2026-03-17T13:12:02","guid":{"rendered":"https:\/\/marjorieponsard.fr\/?page_id=855"},"modified":"2026-03-17T17:14:29","modified_gmt":"2026-03-17T16:14:29","slug":"graphiste-drome-ardeche","status":"publish","type":"page","link":"http:\/\/marjorieponsard.fr\/index.php\/graphiste-drome-ardeche\/","title":{"rendered":"Graphiste Dr\u00f4me Ard\u00e8che"},"content":{"rendered":"\n<p><strong>Depuis 2016<\/strong> &#8211; <br><strong>Graphiste en Dr\u00f4me et Ard\u00e8che \u2013 identit\u00e9 visuelle &amp; design \u00e9ditorial<\/strong><\/p>\n\n\n\n<div class=\"wp-block-columns is-layout-flex wp-container-core-columns-is-layout-1 wp-block-columns-is-layout-flex\">\n<div class=\"wp-block-column is-layout-flow wp-block-column-is-layout-flow\" style=\"flex-basis:100%\">\n<p>Graphiste ind\u00e9pendante en Dr\u00f4me et Ard\u00e8che, j\u2019accompagne les entreprises, PME, institutions et collectivit\u00e9s dans la conception de leur communication visuelle. J\u2019interviens sur des projets d\u2019identit\u00e9 visuelle, de design graphique et de supports \u00e9ditoriaux, avec une attention particuli\u00e8re port\u00e9e \u00e0 la clart\u00e9, \u00e0 la coh\u00e9rence et \u00e0 la lisibilit\u00e9 des messages. Mon travail consiste \u00e0 structurer et valoriser votre image \u00e0 travers des outils de communication efficaces et durables.<\/p>\n\n\n\n<p>Chaque projet est pens\u00e9 sur-mesure, en fonction de vos objectifs, de vos publics et de votre environnement.<\/p>\n<\/div>\n<\/div>\n\n\n\n<div class=\"wp-block-media-text alignwide is-stacked-on-mobile is-vertically-aligned-center is-image-fill\" style=\"grid-template-columns:56% auto\"><figure class=\"wp-block-media-text__media\" style=\"background-image:url(http:\/\/marjorieponsard.fr\/wp-content\/uploads\/2024\/09\/carte-plan-ardeche-la-payre-06-1024x724.png);background-position:50% 50%\"><img loading=\"lazy\" decoding=\"async\" width=\"1024\" height=\"724\" src=\"http:\/\/marjorieponsard.fr\/wp-content\/uploads\/2024\/09\/carte-plan-ardeche-la-payre-06-1024x724.png\" alt=\"\" class=\"wp-image-810 size-full\" srcset=\"http:\/\/marjorieponsard.fr\/wp-content\/uploads\/2024\/09\/carte-plan-ardeche-la-payre-06-1024x724.png 1024w, http:\/\/marjorieponsard.fr\/wp-content\/uploads\/2024\/09\/carte-plan-ardeche-la-payre-06-300x212.png 300w, http:\/\/marjorieponsard.fr\/wp-content\/uploads\/2024\/09\/carte-plan-ardeche-la-payre-06-768x543.png 768w, http:\/\/marjorieponsard.fr\/wp-content\/uploads\/2024\/09\/carte-plan-ardeche-la-payre-06-1536x1086.png 1536w, http:\/\/marjorieponsard.fr\/wp-content\/uploads\/2024\/09\/carte-plan-ardeche-la-payre-06-2048x1448.png 2048w\" sizes=\"(max-width: 1024px) 100vw, 1024px\" \/><\/figure><div class=\"wp-block-media-text__content\">\n<h2 class=\"wp-block-heading has-text-color\" style=\"color:#000000;font-size:32px\"><strong>Expertises<\/strong><\/h2>\n\n\n\n<p class=\"has-text-color\" style=\"color:#000000;font-size:17px\"><strong>Identit\u00e9 visuelle<\/strong><\/p>\n\n\n\n<p>Cr\u00e9ation de logo, charte graphique, univers visuel<\/p>\n\n\n\n<h3 class=\"wp-block-heading\"><strong>Design \u00e9ditorial<\/strong><\/h3>\n\n\n\n<p>Brochure, catalogue, magazine, rapport d\u2019activit\u00e9<\/p>\n\n\n\n<h3 class=\"wp-block-heading\"><strong>Supports de communication<\/strong><\/h3>\n\n\n\n<p>Affiche, flyer, d\u00e9pliant, documents institutionnels<\/p>\n\n\n\n<h3 class=\"wp-block-heading\"><strong>Conception graphique<\/strong><\/h3>\n\n\n\n<p class=\"has-text-color\" style=\"color:#000000;font-size:17px\">Structuration de contenus, hi\u00e9rarchisation, mise en page<\/p>\n<\/div><\/div>\n\n\n\n<p><\/p>\n\n\n\n<p><strong>J\u2019interviens en Dr\u00f4me et en Ard\u00e8che, notamment \u00e0 Valence, Romans-sur-Is\u00e8re, Tain-l\u2019Hermitage, Tournon-sur-Rh\u00f4ne, Privas et Annonay.<\/strong><\/p>\n\n\n\n<p>J\u2019accompagne des entreprises, PME, institutions et collectivit\u00e9s dans leurs projets de communication visuelle.  Je privil\u00e9gie une approche simple, lisible et efficace, afin de concevoir des supports utiles, coh\u00e9rents et adapt\u00e9s \u00e0 vos besoins.<\/p>\n\n\n\n<figure class=\"wp-block-image size-large\"><img loading=\"lazy\" decoding=\"async\" width=\"1024\" height=\"724\" src=\"http:\/\/marjorieponsard.fr\/wp-content\/uploads\/2024\/09\/Post-1000X1000px-10mai2-1024x724.png\" alt=\"\" class=\"wp-image-771\" srcset=\"http:\/\/marjorieponsard.fr\/wp-content\/uploads\/2024\/09\/Post-1000X1000px-10mai2-1024x724.png 1024w, http:\/\/marjorieponsard.fr\/wp-content\/uploads\/2024\/09\/Post-1000X1000px-10mai2-300x212.png 300w, http:\/\/marjorieponsard.fr\/wp-content\/uploads\/2024\/09\/Post-1000X1000px-10mai2-768x543.png 768w, http:\/\/marjorieponsard.fr\/wp-content\/uploads\/2024\/09\/Post-1000X1000px-10mai2-1536x1086.png 1536w, http:\/\/marjorieponsard.fr\/wp-content\/uploads\/2024\/09\/Post-1000X1000px-10mai2-2048x1448.png 2048w\" sizes=\"(max-width: 1024px) 100vw, 1024px\" \/><\/figure>\n\n\n\n<p>Graphiste en Dr\u00f4me et Ard\u00e8che, j\u2019accompagne les entreprises, PME, institutions et collectivit\u00e9s dans la cr\u00e9ation de leur communication visuelle, en donnant une forme claire et coh\u00e9rente \u00e0 leurs messages.<\/p>\n\n\n\n<p>Il s\u2019agit de structurer, hi\u00e9rarchiser et rendre lisible. De traduire une id\u00e9e, un positionnement ou un projet en une identit\u00e9 visuelle juste, durable et adapt\u00e9e \u00e0 ses usages.<\/p>\n\n\n\n<p>J\u2019interviens sur la cr\u00e9ation d\u2019identit\u00e9 visuelle \u2014 logo, charte graphique, univers \u2014 mais aussi sur la conception de supports \u00e9ditoriaux : brochure, catalogue, magazine ou rapport d\u2019activit\u00e9. Chaque projet est pens\u00e9 comme un ensemble, o\u00f9 le fond et la forme dialoguent, o\u00f9 le design graphique sert avant tout la compr\u00e9hension.<\/p>\n\n\n\n<p>La conception graphique permet de mettre en valeur les contenus, d\u2019en faciliter la lecture et d\u2019en renforcer l\u2019impact. Qu\u2019il s\u2019agisse d\u2019une affiche, d\u2019un flyer, d\u2019un d\u00e9pliant ou d\u2019un document institutionnel, l\u2019objectif reste le m\u00eame : produire des supports utiles, lisibles et coh\u00e9rents.<\/p>\n\n\n\n<p>J\u2019accompagne des structures de tailles vari\u00e9es, en m\u2019adaptant \u00e0 leurs contraintes, \u00e0 leurs publics et \u00e0 leurs objectifs. Mon approche est pragmatique, sur-mesure, et toujours guid\u00e9e par une recherche d\u2019\u00e9quilibre entre esth\u00e9tique et efficacit\u00e9.<\/p>\n\n\n\n<p>J\u2019interviens en Dr\u00f4me et en Ard\u00e8che \u2014 notamment \u00e0 Valence, Romans-sur-Is\u00e8re, Tain-l\u2019Hermitage, Tournon-sur-Rh\u00f4ne, Privas ou Annonay \u2014 en lien avec les r\u00e9alit\u00e9s du territoire et les enjeux des acteurs locaux.<\/p>\n\n\n\n<p>En parall\u00e8le de mon activit\u00e9 de graphiste, je d\u00e9veloppe un travail d\u2019illustration appliqu\u00e9 \u00e0 la communication, qui permet d\u2019apporter une dimension plus singuli\u00e8re et narrative aux projets.<\/p>\n\n\n\n<p><\/p>\n\n\n\n<figure class=\"wp-block-image size-large\"><img loading=\"lazy\" decoding=\"async\" width=\"1024\" height=\"683\" src=\"http:\/\/marjorieponsard.fr\/wp-content\/uploads\/2024\/09\/magazine-mise-en-page-tourisme-val-es-dunescouv-1024x683.png\" alt=\"\" class=\"wp-image-726\" srcset=\"http:\/\/marjorieponsard.fr\/wp-content\/uploads\/2024\/09\/magazine-mise-en-page-tourisme-val-es-dunescouv-1024x683.png 1024w, http:\/\/marjorieponsard.fr\/wp-content\/uploads\/2024\/09\/magazine-mise-en-page-tourisme-val-es-dunescouv-300x200.png 300w, http:\/\/marjorieponsard.fr\/wp-content\/uploads\/2024\/09\/magazine-mise-en-page-tourisme-val-es-dunescouv-768x512.png 768w, http:\/\/marjorieponsard.fr\/wp-content\/uploads\/2024\/09\/magazine-mise-en-page-tourisme-val-es-dunescouv-1536x1024.png 1536w, http:\/\/marjorieponsard.fr\/wp-content\/uploads\/2024\/09\/magazine-mise-en-page-tourisme-val-es-dunescouv-2048x1365.png 2048w, http:\/\/marjorieponsard.fr\/wp-content\/uploads\/2024\/09\/magazine-mise-en-page-tourisme-val-es-dunescouv-900x600.png 900w\" sizes=\"(max-width: 1024px) 100vw, 1024px\" \/><\/figure>\n","protected":false},"excerpt":{"rendered":"<p>Depuis 2016 &#8211; Graphiste en Dr\u00f4me et Ard\u00e8che \u2013 identit\u00e9 visuelle &amp; design \u00e9ditorial Graphiste ind\u00e9pendante en Dr\u00f4me et Ard\u00e8che, j\u2019accompagne les entreprises, PME, institutions et collectivit\u00e9s dans la conception&#8230;<\/p>\n","protected":false},"author":1,"featured_media":0,"parent":0,"menu_order":0,"comment_status":"closed","ping_status":"closed","template":"","meta":{"footnotes":""},"class_list":["post-855","page","type-page","status-publish"],"_links":{"self":[{"href":"http:\/\/marjorieponsard.fr\/index.php\/wp-json\/wp\/v2\/pages\/855"}],"collection":[{"href":"http:\/\/marjorieponsard.fr\/index.php\/wp-json\/wp\/v2\/pages"}],"about":[{"href":"http:\/\/marjorieponsard.fr\/index.php\/wp-json\/wp\/v2\/types\/page"}],"author":[{"embeddable":true,"href":"http:\/\/marjorieponsard.fr\/index.php\/wp-json\/wp\/v2\/users\/1"}],"replies":[{"embeddable":true,"href":"http:\/\/marjorieponsard.fr\/index.php\/wp-json\/wp\/v2\/comments?post=855"}],"version-history":[{"count":8,"href":"http:\/\/marjorieponsard.fr\/index.php\/wp-json\/wp\/v2\/pages\/855\/revisions"}],"predecessor-version":[{"id":924,"href":"http:\/\/marjorieponsard.fr\/index.php\/wp-json\/wp\/v2\/pages\/855\/revisions\/924"}],"wp:attachment":[{"href":"http:\/\/marjorieponsard.fr\/index.php\/wp-json\/wp\/v2\/media?parent=855"}],"curies":[{"name":"wp","href":"https:\/\/api.w.org\/{rel}","templated":true}]}}